{"id":2330,"date":"2026-01-20T16:25:19","date_gmt":"2026-01-20T16:25:19","guid":{"rendered":"https:\/\/santamariadegimenells.info\/?page_id=2330"},"modified":"2026-01-20T16:27:15","modified_gmt":"2026-01-20T16:27:15","slug":"el-curs-de-lany","status":"publish","type":"page","link":"https:\/\/santamariadegimenells.info\/index.php\/el-curs-de-lany\/","title":{"rendered":"EL CURS DE L\u2019ANY"},"content":{"rendered":"<p><span style=\"font-family: 'times new roman', times, serif; font-size: 14pt;\">Anir\u00e9 descrivint el curs de l\u2019any segons el calendari festiu que regia durant el per\u00edode franquista.<\/span><\/p>\n<p><span style=\"font-family: 'times new roman', times, serif; font-size: 14pt;\">A fi i efecte de saber com transcorrien els dies a l\u2019Obra Tutelar, far\u00e9 la diferenciaci\u00f3 entre dies normals i dies festius.<\/span><\/p>\n<p><span style=\"font-family: 'times new roman', times, serif; font-size: 14pt;\">En primer lloc, dir que els dies normals, de dilluns a divendres, son els dies laboral i lectius. Evidentment, aquesta distinci\u00f3 es deu a si el dia el veiem des del punt de vista d\u2019una persona que treballava o anava a l\u2019escola.<\/span><\/p>\n<p><span style=\"font-family: 'times new roman', times, serif; font-size: 14pt;\">He de puntualitzar que la meva visi\u00f3 d\u2019aquesta descripci\u00f3 possiblement estigui una mica esbiaixada, doncs explico, b\u00e0sicament, la meva experi\u00e8ncia a la Casa de Fam\u00edlia Maria Ferrer, on vaig viure de l\u2019any 1960 fins el 1971.<\/span><\/p>\n<p><span style=\"font-family: 'times new roman', times, serif; font-size: 14pt;\">Aix\u00f2 no vol dir que el ritme de vida i viv\u00e8ncies canvies massa en funci\u00f3 del lloc on es visqu\u00e9s.<\/span><\/p>\n<p><span style=\"font-family: 'times new roman', times, serif; font-size: 14pt;\">Per entendre-ho, far\u00e9 cinc c\u00e8ntims de la distribuci\u00f3 poblacional de l\u2019Obra Tutelar.<\/span><\/p>\n<p><span style=\"font-family: 'times new roman', times, serif; font-size: 14pt;\">En aquest indret, convivien unes tres centes persones, entre alumnes, ex alumnes, empleats i colons.<\/span><\/p>\n<p><span style=\"font-family: 'times new roman', times, serif; font-size: 14pt;\">Els alumnes vivien en Cases de Fam\u00edlia, &#8211; Sant Josep Oriol, Ramon Alb\u00f3 i Maria Ferrer -. Amb anterioritat a la meva arribada a l\u2019Obra Tutelar, tamb\u00e9 hi havien dues cases m\u00e9s de Fam\u00edlia, la Casa Gran del Fondo i la Casa de Fam\u00edlia de Sant Joan Bosco, els alumnes de les quals, en tancar-se, van ser reubicats en les cases abans esmentades.<\/span><\/p>\n<p><span style=\"font-family: 'times new roman', times, serif; font-size: 14pt;\">Els treballadors ex tutelats, solters, vivien en dues cases, la del Sant Rosari i la de l\u2019\u00c0ngel de la Guarda (que en el seu moment, tamb\u00e9 havia acollit alumnes menors d\u2019edat).<\/span><\/p>\n<p><span style=\"font-family: 'times new roman', times, serif; font-size: 14pt;\">Els empleats, tenien casa pr\u00f2pia, on vivien amb la seva fam\u00edlia, a excepci\u00f3 dels que treballaven a les Cases de Fam\u00edlia, que convivien amb els alumnes, cases de fam\u00edlia on hi havia dos ambients, el dels alumnes i el de la fam\u00edlia que se\u2019n cuidava de l\u2019ordre, neteja i comportament dels alumnes.<\/span><\/p>\n<p><span style=\"font-family: 'times new roman', times, serif; font-size: 14pt;\">Val a dir que els Colons, fam\u00edlies que tenien terres llogades a l\u2019Obra Tutelar, vivien en l\u2019edifici corresponent a la finca llogada.<\/span><\/p>\n<p><span style=\"font-family: 'times new roman', times, serif; font-size: 14pt;\"><strong>De dilluns a divendres<\/strong>: Per a les persones que treballaven, direm que la seva jornada comen\u00e7ava a les nou del mat\u00ed, fins a la una del mig dia i continuava de les tres de la tarda fins a les cinc. A l\u2019estiu, s\u2019allargava una mica m\u00e9s. Per a l\u2019acompliment de l\u2019horari, i, degut a la dispersi\u00f3 i llunyania de les feines, es feia sonar una sirena que indicava el comen\u00e7ament i la finalitzaci\u00f3 de la jornada.<\/span><\/p>\n<p><span style=\"font-family: 'times new roman', times, serif; font-size: 14pt;\">Hi havia alguna excepci\u00f3, com la de la vaqueria, doncs a l\u2019hora de munyir les vaques, aquestes no atenien als tocs de sirena.<\/span><\/p>\n<p><span style=\"font-family: 'times new roman', times, serif; font-size: 14pt;\">Altres excepcions eren, la dels cuidadors de les Cases de fam\u00edlia i la de les persones que treballaven a la cuina central, doncs, com es fa evident, havien de comen\u00e7ar la jornada abans i aix\u00ed tenir els esmorzars i els alumnes, preparats per anar a la feina i a l\u2019escola.<\/span><\/p>\n<p><span style=\"font-family: 'times new roman', times, serif; font-size: 14pt;\">La jornada escolar tenia el mateix horari que la laboral. Hem de convenir que durant els per\u00edodes de vacances, &#8211; Nadal, Setmana Santa i Estiu -, aquests horaris eren diferents.<\/span><\/p>\n<p><span style=\"font-family: 'times new roman', times, serif; font-size: 14pt;\"><strong>El dissabte<\/strong>: Era un dia en que la jornada finalitzava, tan laboralment com lectivament, a la una del mig dia.<\/span><\/p>\n<p><span style=\"font-family: 'times new roman', times, serif; font-size: 14pt;\">A les Cases de Fam\u00edlia, cap a les sis de la tarda, els alumnes recollien la roba neta, planxada i plegada, juntament amb els llen\u00e7ols, hi dipositaven la roba i els llen\u00e7ols usats. Aquesta roba es portava a l\u2019edifici on hi havia la rentadora central, que la rentava i la tornava a les cases de fam\u00edlia.<\/span><\/p>\n<p><span style=\"font-family: 'times new roman', times, serif; font-size: 14pt;\">Un <strong>Diumenge normal<\/strong>, comen\u00e7ava amb el toc de campanes de la missa primera, a les vuit del mati. A aquesta missa i anaven, sobre tot, les esposes dels empleats i les treballadores dels diferents llocs, Cases de Fam\u00edlia, Cuina Central, i aix\u00ed poder fer la feina a partir de les deu del mati, en que havien sonat les campanes, assenyalant l\u2019hora de la Missa Major, a la que assistien la resta de personal de la Col\u00f2nia Agr\u00edcola.<\/span><\/p>\n<p><span style=\"font-family: 'times new roman', times, serif; font-size: 14pt;\">Un cop acabada la missa, cap a tres quarts d\u2019onze del mati, s\u2019obria el local anomenat \u201cRecreo\u201d, que era el Caf\u00e9-Bar de la instituci\u00f3. All\u00ed, es podia anar a fer un refresc, un vermut i jugar al ping-pong. Tot aix\u00f2 fins a la una del mig dia, hora en que es tancava. Els alumnes de la instituci\u00f3 anaven a buscar, com cada dia, a la Cuina Central, a dos quarts de dues, el menjar que havien preparat a la mateixa.<\/span><\/p>\n<p><span style=\"font-family: 'times new roman', times, serif; font-size: 14pt;\">A dos quarts de quatre de la tarda, normalment, s\u2019organitzava un partit de futbol entre els alumnes tutelats, ex tutelats i fills dels empleats. S\u2019anomenaven dos capitans que elegien els components del seu equip. El <\/span><span style=\"font-family: 'times new roman', times, serif; font-size: 14pt;\">premi era de dues pessetes per a cada integrant de l\u2019equip guanyador, cero pessetes als integrants de l\u2019equip perdedor i una pesseta a cada integrant dels equips en cas d\u2019empat. Aquests diners els donava a l\u2019edifici d\u2019 \u201dOficines\u201d, un cop acabat el partit, el Sr. Avel\u00b7l\u00ed Tena. L\u2019\u00e0rbitre era una persona considerada neutral, que ho feia de forma volunt\u00e0ria.<\/span><\/p>\n<p><span style=\"font-family: 'times new roman', times, serif; font-size: 14pt;\">D\u2019altra banda, tamb\u00e9 s\u2019organitzaven tornejos amb els pobles m\u00e9s propers, Gimenells, Sucs, Pla de la Font i Raimat, amb partits d\u2019anada i tornada, conformant una lliga, el vencedor de la qual, com \u00e9s de costum, era l\u2019equip que m\u00e9s punts hagu\u00e9s fet al llarg del torneig (normalment, l\u2019Obra tutelar).<\/span><\/p>\n<p><span style=\"font-family: 'times new roman', times, serif; font-size: 14pt;\">Finalitzat el partit, a les sis de la tarda, comen\u00e7ava la sessi\u00f3 de cinema que constava de dues pel\u00b7l\u00edcules. Feien mitja part, de m\u00e9s o menys, mitja hora, entre pel\u00b7l\u00edcula i pel\u00b7l\u00edcula, on podies aprofitar per anar al Caf\u00e9 o jugar. Cap a les nou, un cop finalitzada la sessi\u00f3 de cinema, tothom cap a casa, a sopar i a dormir.<\/span><\/p>\n<p><span style=\"font-family: 'times new roman', times, serif; font-size: 14pt;\"><strong>\u00da de gener, Cap d\u2019any <\/strong>: Comen\u00e7a l\u2019any amb un dia festiu. Aquest dia transcorre com un diumenge normal.<\/span><\/p>\n<p><span style=\"font-family: 'times new roman', times, serif; font-size: 14pt;\"><strong>Cinc de Gener, vig\u00edlia de Reis <\/strong>: un dels dies assenyalat de l\u2019any. Pel nens en edat escolar, era un dia m\u00e9s de vacances, pels adults un dia normal de treball, per\u00f2, en acabar la jornada, a l\u2019indret anomenat Casa Blanca, &#8211; un edifici situat a uns vuit cents metres, a la vora de la carretera que menava a Raimat, on hi vivien dues fam\u00edlies, a la planta baixa i on la planta superior servia d\u2019escola de les noies que vivien en la Col\u00f2nia, doncs, en aquell moment, la separaci\u00f3 per sexes, era d\u2019obligat acompliment, &#8211; es reunien uns quants treballadors i alumnes , i es disfressaven de patges i de Reis Mags, que, aprofitant els equins propietat de la Instituci\u00f3, marxaven, en process\u00f3, des d\u2019aquest indret, el Reis, muntats a cavall i els acompanyats, a peu, amb torxes, que al ser nit fosca, feien una patxoca d\u2019all\u00f2 millor, fins al local del Dr. Tolosa Latour, edifici que agrupava en una sola sala, el teatre i el cinema. A l\u2019entrada de l\u2019esmentat edifici, la direcci\u00f3 de l\u2019Obra Tutelar, els feia els honors corresponents a la rebuda dels Reis i un cop dins la sala, assentats en lloc preferent, dalt de l\u2019escenari, on hi havia tots els regals, els Reis llegien el discurs de rigor, desitjant pau, felicitat i que els petits es portessin b\u00e9 al llarg de l\u2019any. En acabar el discurs, un a un, s\u2019anomenaven tots els alumnes de la Instituci\u00f3 i els Reis els don\u00e0vem els regals que havien demanat o b\u00e9, si no els havien trobat iguals, uns que se\u2019ls assemblessin molt.<\/span><\/p>\n<p><span style=\"font-family: 'times new roman', times, serif; font-size: 14pt;\">Aquest regals podien ser joguines o roba, segons les necessitats de cada alumne.<\/span><\/p>\n<p><span style=\"font-family: 'times new roman', times, serif; font-size: 14pt;\">Tamb\u00e9 repartien els regals dels fills dels treballador de l\u2019Obra Tutelar que aix\u00ed ho desitgessin.<\/span><\/p>\n<p><span style=\"font-family: 'times new roman', times, serif; font-size: 14pt;\">Un cop acabada la cerim\u00f2nia, totes les persones torn\u00e0vem a les seves cases i continuava la festa de la il\u00b7lusi\u00f3.<\/span><\/p>\n<p><span style=\"font-family: 'times new roman', times, serif; font-size: 14pt;\"><strong>Sis de gener<\/strong>, transcorria com un diumenge normal, aix\u00f2 si, els petits, gaud\u00edem dels regals que ens havien dut els reis.<\/span><\/p>\n<p><span style=\"font-family: 'times new roman', times, serif; font-size: 14pt;\"><strong>Dimecres de Cendra: <\/strong>primer dia de la Quaresma, oscil\u00b7lava entre el <a href=\"https:\/\/ca.wikipedia.org\/wiki\/4_de_febrer\">4 de<\/a> <a href=\"https:\/\/ca.wikipedia.org\/wiki\/4_de_febrer\">febrer <\/a>i el deu o dinou de mar\u00e7, segons com es celebr\u00e9s el Diumenge de Pasqua.<\/span><\/p>\n<p><span style=\"font-family: 'times new roman', times, serif; font-size: 14pt;\">En aquest dia, a la tarda, celebr\u00e0vem la Eucaristia, on s\u2019imposava la cendra al front de les persones que hi assistien.<\/span><\/p>\n<p><span style=\"font-family: 'times new roman', times, serif; font-size: 14pt;\"><strong>Dinou de mar\u00e7, Sant Josep: <\/strong>festa nacional, segons el calendari festiu franquista, que tamb\u00e9 anomenaven Dia del Pare.<\/span><\/p>\n<p><span style=\"font-family: 'times new roman', times, serif; font-size: 14pt;\">A excepci\u00f3 de les cases on hi havia un Josep, Josepa, Pepito o Pepita, els transcurs del dia festiu era el mateix de qualsevol diumenge.<\/span><\/p>\n<p><span style=\"font-family: 'times new roman', times, serif; font-size: 14pt;\"><strong>Diumenge de Rams: <\/strong>Aquest festiu, previ al comen\u00e7ament de la Setmana Santa, tots el habitants de la Col\u00f2nia Agr\u00edcola es reunien al magatzem de Sant Isidre, als anys cinquanta i a la Creu de Terme, els anys seixanta i setanta, on el sacerdot bene\u00efa les palmes i les branques d\u2019olivera, que portaven, en process\u00f3, fins a la porta de l\u2019esgl\u00e9sia.<\/span><\/p>\n<p><span style=\"font-family: 'times new roman', times, serif; font-size: 14pt;\">Un cop dins l\u2019Esgl\u00e9sia, es celebrava l\u2019Eucaristia. La resta del dia, transcorria com un diumenge normal.<\/span><\/p>\n<p><span style=\"font-family: 'times new roman', times, serif; font-size: 14pt;\"><strong><u>Setmana Santa<\/u><\/strong><\/span><\/p>\n<p><span style=\"font-family: 'times new roman', times, serif; font-size: 14pt;\">Dilluns, dimarts i dimecres, transcorrien com jornades laborables normals pels treballadors de l\u2019Obra tutelar. Els nens que an\u00e0vem a escola, ten\u00edem festa tota la setmana.<\/span><\/p>\n<p><span style=\"font-family: 'times new roman', times, serif; font-size: 14pt;\"><strong>Dijous Sant: <\/strong><\/span> <span style=\"font-family: 'times new roman', times, serif; font-size: 14pt;\">Aquesta jornada transcorria amb normalitat fins les dotze del mat\u00ed. En aquest moment, sonava la sirena, que volia dir que finalitzava la jornada laboral. Les campanes no sonaven com a mostra de respecte. Era el dia del silenci. Tamb\u00e9 era un dia de dejuni.<\/span><\/p>\n<p><span style=\"font-family: 'times new roman', times, serif; font-size: 14pt;\">A les cinc de la tarda, tots els integrants de l\u2019Obra Tutelar ens reun\u00edem a l\u2019Esgl\u00e9sia per a commemorar la Cerim\u00f2nia del Sant Sopar, que inclo\u00efa la cerim\u00f2nia de lavatori de peus. Era un esdeveniment que, als petits, se\u2019ns feia molt llarg.<\/span><\/p>\n<p><span style=\"font-family: 'times new roman', times, serif; font-size: 14pt;\">Un cop acabada la cerim\u00f2nia, i fins a la seg\u00fcent, la del Divendres Sant, l\u2019esgl\u00e9sia romania oberta per poder anar a pregar davant de l&#8217;Eucaristia, el que es coneix com a \u201cMonument\u201d. Es feien torns de dues hores, regulats segons la disponibilitat dels membres de l\u2019Obra Tutelar. Eren d\u2019obligat compliment.<\/span><\/p>\n<h1><span style=\"font-family: 'times new roman', times, serif; font-size: 14pt;\">Divendres Sant:<\/span><\/h1>\n<p><span style=\"font-family: 'times new roman', times, serif; font-size: 14pt;\">El Divendres Sant era un dia molt especial. Tot el dia es passava en silenci. Per acudir als actes religiosos, sonava, molt fluixet, una sirena.<\/span><\/p>\n<p><span style=\"font-family: 'times new roman', times, serif; font-size: 14pt;\">Al mat\u00ed, cap a les deu, s\u2019organitzava una process\u00f3 que anava des de l\u2019Escola, passant per la pla\u00e7a Ramon Alb\u00f3, fins a l\u2019Esgl\u00e9sia.<\/span><\/p>\n<p><span style=\"font-family: 'times new roman', times, serif; font-size: 14pt;\">Acabada la process\u00f3, no es podia jugar, ni anar al bar, ni fer res de res.<\/span><\/p>\n<p><span style=\"font-family: 'times new roman', times, serif; font-size: 14pt;\">A les cinc de la tarda, comen\u00e7ava la cerim\u00f2nia, que no missa, de la passi\u00f3 i mort de Jesucrist, com en qualsevulla altra esgl\u00e9sia.<\/span><\/p>\n<p><span style=\"font-family: 'times new roman', times, serif; font-size: 14pt;\">Era una cerim\u00f2nia molt llarga, per\u00f2, en aquell moment, molt esperada i estimada.<\/span><\/p>\n<p><span style=\"font-family: 'times new roman', times, serif; font-size: 14pt;\">Com manava la lit\u00fargia, totes les est\u00e0tues i creus que hi havia a l\u2019Esgl\u00e9sia, estaven tapades amb una roba de color morat.<\/span><\/p>\n<p><span style=\"font-family: 'times new roman', times, serif; font-size: 14pt;\">Les persones que ho havien de fer, seguien amb l\u2019acompanyament al Monument.<\/span><\/p>\n<p><span style=\"font-family: 'times new roman', times, serif; font-size: 14pt;\">I, aix\u00ed, s\u2019acabava el Divendres Sant.<\/span><\/p>\n<p><span style=\"font-family: 'times new roman', times, serif; font-size: 14pt;\">El Dissabte Sant, era un dia de silenci, per\u00f2, molt m\u00e9s relaxat, per als petits, dia de vacances i per als treballador, dia de mitja jornada.<\/span><\/p>\n<h1><span style=\"font-family: 'times new roman', times, serif; font-size: 14pt;\">Diumenge de Resurrecci\u00f3<\/span><\/h1>\n<p><span style=\"font-family: 'times new roman', times, serif; font-size: 14pt;\">El diumenge de Resurrecci\u00f3 era el dia en que ja pod\u00edem parlar, cantar, jugar i riure. Era un dia d\u2019alegria. El transcorre del dia era com un diumenge normal.<\/span><\/p>\n<h1><span style=\"font-family: 'times new roman', times, serif; font-size: 14pt;\">Dilluns de Pasqua<\/span><\/h1>\n<p><span style=\"font-family: 'times new roman', times, serif; font-size: 14pt;\">Dilluns molt esperat. Dia festiu. Era el dia en que an\u00e0vem a menjar la mona.<\/span><\/p>\n<p><span style=\"font-family: 'times new roman', times, serif; font-size: 14pt;\">El alumnes m\u00e9s grans, els que treballaven, feien grups segons l\u2019amistat que tenien i podien anar a menjar la mona al lloc que desitgessin i acompanyats de qui creguessis oport\u00fa, fossin alumnes o fills de treballadors o treballadors ex tutelats.<\/span><\/p>\n<p>&nbsp;<\/p>\n<p><span style=\"font-family: 'times new roman', times, serif; font-size: 14pt;\">Els alumnes m\u00e9s petits anaven d\u2019excursi\u00f3 a prop del nucli urb\u00e0, sempre acompanyats dels responsables de la Casa de Fam\u00edlia. Era una aventura extraordin\u00e0ria.<\/span><\/p>\n<p><span style=\"font-family: 'times new roman', times, serif; font-size: 14pt;\">S\u2019ha de fer esment a les Caramelles.<\/span><\/p>\n<p><span style=\"font-family: 'times new roman', times, serif; font-size: 14pt;\">Tot i que aquest costum havia anat desapareixent, el Sr. Miguel Velasco el va voler reviure. Dies abans del dilluns de Pasqua, reunia als nois que vol\u00edem cantar i a l\u2019acabar la jornada, ens reunia al local del cinema, on assajaven les can\u00e7ons que haur\u00edem de cantar el mat\u00ed del dilluns.<\/span><\/p>\n<p><span style=\"font-family: 'times new roman', times, serif; font-size: 14pt;\">Aix\u00ed, aquest dia, don\u00e0vem la nota i cant\u00e0vem CARAMELLES.<\/span><\/p>\n<p><span style=\"font-family: 'times new roman', times, serif; font-size: 14pt;\"><strong>Disset d\u2019abril, Sant Anicet: <\/strong>Aquest dia era el sant del Director de la Col\u00f2nia, dia en que se l\u2019homenatjava, costum imposada com una norma de respecte i vassallatge a qui dirigia una entitat, per part del domini pol\u00edtic del moment. (No pel Director de la Col\u00f2nia).<\/span><\/p>\n<p><span style=\"font-family: 'times new roman', times, serif; font-size: 14pt;\">Els treballadors i els alumnes de la Instituci\u00f3 ens reun\u00edem a la sala del cinema, en acabar la jornada laboral, i festej\u00e0vem a l\u2019honorat, llegint una glosa i fent-li un regal que comprava la part treballadora dels integrants de la Col\u00f2nia amb una aportaci\u00f3 \u201cvolunt\u00e0ria\u201d.<\/span><\/p>\n<p><span style=\"font-family: 'times new roman', times, serif; font-size: 14pt;\">Era un dia molt celebrat, tot i no ser festiu (a excepci\u00f3 que caigu\u00e9s en diumenge).<\/span><\/p>\n<h1><span style=\"font-family: 'times new roman', times, serif; font-size: 14pt;\">\u00da de maig, Festa del Treball,<\/span><\/h1>\n<p><span style=\"font-family: 'times new roman', times, serif; font-size: 14pt;\">Un altre dels dies molt esperats.<\/span><\/p>\n<p><span style=\"font-family: 'times new roman', times, serif; font-size: 14pt;\">Aquest dia, festiu, l\u2019Obra Tutelar, obsequiava amb una graellada de carn, on no hi havia aturador a la gana.<\/span><\/p>\n<p><span style=\"font-family: 'times new roman', times, serif; font-size: 14pt;\">Com sempre, en primer lloc, s\u2019havia de santificar la festa amb una missa.<\/span><\/p>\n<p><span style=\"font-family: 'times new roman', times, serif; font-size: 14pt;\">Un cop acabada la missa, ja s\u2019havien preparat els tractors amb les carretes per anar a dinar, on puj\u00e0vem les persones, crec que sol homes, i, amb aquest transport anar al camp. A l\u2018arribada al lloc definit, entre tots prepar\u00e0vem els estris necessaris per a preparar el dinar. Normalment, el men\u00fa, constava d\u2019una amanida on no hi manca res de res i era molt voluminosa.<\/span><\/p>\n<p><span style=\"font-family: 'times new roman', times, serif; font-size: 14pt;\">Despr\u00e9s, s\u2019havia de preparar la carn, normalment de corder. Com podreu intuir, feta a la brasa, l\u2019olor que inundava l\u2019entorn, ens feia salivar de deb\u00f2. No hi havia aturador a l\u2019hora de menjar. Podies cruspir-te tants trossos de carn com volguessis. Ja fossin, llonzes o costelles, am\u00e9n de les llonganisses que tamb\u00e9 s\u2019havien preparat.<\/span><\/p>\n<p><span style=\"font-family: 'times new roman', times, serif; font-size: 14pt;\">En acabar, recoll\u00edem tots els estris, netej\u00e0vem el lloc i, muntats en les carretes, torn\u00e0vem a casa.<\/span><\/p>\n<p><span style=\"font-family: 'times new roman', times, serif; font-size: 14pt;\">Era un dels millors dies de la Col\u00f2nia.<\/span><\/p>\n<h1><span style=\"font-family: 'times new roman', times, serif; font-size: 14pt;\">Festivitat del Corpus Cristi.<\/span><\/h1>\n<p><span style=\"font-family: 'times new roman', times, serif; font-size: 14pt;\">Aquest dia, en aquell temps, era un dia festiu. Els transc\u00f3rrer del dia, era el normal d\u2019un diumenge, tot i caure en dijous.<\/span><\/p>\n<h1><span style=\"font-family: 'times new roman', times, serif; font-size: 14pt;\">Vint i quatre de juny, Sant Joan<\/span><\/h1>\n<p><span style=\"font-family: 'times new roman', times, serif; font-size: 14pt;\">Dia festiu, com actualment. El dia passava amb normalitat, com qualsevol altre dia festiu, fins que es feia fosc. En aquest moment, encen\u00edem les dues fogueres que hav\u00edem preparat al cap de futbol durant la setmana anterior, recollint farcells de branques i fusta de palets o qualsevulla altra. Al mig de la foguera, hi fic\u00e0vem un ninot.<\/span><\/p>\n<p><span style=\"font-family: 'times new roman', times, serif; font-size: 14pt;\">Mentre durava el foc, el Sr. Avel\u00b7l\u00ed Tena, repartia petards entre els alumnes i fills dels empleats. Com en qualsevol altre lloc, era una festa extraordin\u00e0ria, esperada i desitjada.<\/span><\/p>\n<p><span style=\"font-family: 'times new roman', times, serif; font-size: 14pt;\">Nit de foc, nit d\u2019esperan\u00e7a. Tot crema i ressorgeix l\u2019esperan\u00e7a d\u2019una vida millor.<\/span><\/p>\n<h1><span style=\"font-family: 'times new roman', times, serif; font-size: 14pt;\">Vint i nou de juny, Sant Pere<\/span><\/h1>\n<p><span style=\"font-family: 'times new roman', times, serif; font-size: 14pt;\">Un altre dia festiu que passava com els festius normals. Com el dia de Sant Joan, f\u00e8iem fogueres. No era tan espectacular com Sant Joan, per\u00f2, per a la quitxalla, un altre dia molt esperat.<\/span><\/p>\n<h1><span style=\"font-family: 'times new roman', times, serif; font-size: 14pt;\">Divuit de Juliol, vint-i-cinc de juliol<\/span><\/h1>\n<p><span style=\"font-family: 'times new roman', times, serif; font-size: 14pt;\">Aquest dos dies, festius, el primers dels dos, en aquell moment, s\u2019havia de celebrar el dia del Alzamiento Nacional, en commemoraci\u00f3 del dia en que va comen\u00e7ar el cop d\u2019estat criminal del feixistes en contra del Govern legal elegit pel poble.<\/span><\/p>\n<p><span style=\"font-family: 'times new roman', times, serif; font-size: 14pt;\">El segon dia, tamb\u00e9 festiu, es commemorava Sant Jaume, considerat el Patr\u00f3 de les Espanyes.<\/span><\/p>\n<h1><span style=\"font-family: 'times new roman', times, serif; font-size: 14pt;\">Quinze d\u2019agost, Mare de D\u00e9u d\u2019Agost<\/span><\/h1>\n<p><span style=\"font-family: 'times new roman', times, serif; font-size: 14pt;\">1e dia &#8211; Aquest era el dia gran, el dia de la Festa Major.<\/span><\/p>\n<p><span style=\"font-family: 'times new roman', times, serif; font-size: 14pt;\"><strong><em>Eclesi\u00e0stics-<\/em><\/strong><strong><em>Espirituals:<\/em><\/strong><\/span><\/p>\n<ul>\n<li><span style=\"font-family: 'times new roman', times, serif; font-size: 14pt;\">A les 8 del mat\u00ed, Missa primera<\/span><\/li>\n<li><span style=\"font-family: 'times new roman', times, serif; font-size: 14pt;\">A les 10 del mat\u00ed, Missa Major, lloant a Maria i Cantant els Goigs a la mateixa (Oficiar\u00e0 el Sacerdot Jesu\u00efta Pare Joaquim Llargues)<\/span><\/li>\n<\/ul>\n<p><span style=\"font-family: 'times new roman', times, serif; font-size: 14pt;\"><strong><em>C\u00edvics:<\/em><\/strong><\/span><\/p>\n<p><span style=\"font-family: 'times new roman', times, serif; font-size: 14pt;\">A les 8 del Mat\u00ed, despertar amb la sessi\u00f3 de petards oferta pel Manuel Velasco (camp de futbol).<\/span><\/p>\n<p><span style=\"font-family: 'times new roman', times, serif; font-size: 14pt;\">A les 11: Cursa diclista amb dues categories:<\/span><\/p>\n<p><span style=\"font-family: 'times new roman', times, serif; font-size: 14pt;\"><strong><em>Professional<\/em><\/strong> : (amb la col\u00b7laboraci\u00f3 de la Penya Ciclista Colomina i l&#8217;\u00e0rbitre de curses Sr. Carles Garriga).<\/span><\/p>\n<p><span style=\"font-family: 'times new roman', times, serif; font-size: 14pt;\"><em><strong>Popular<\/strong><\/em> : per als alumnes de la Instituci\u00f3.<\/span><\/p>\n<p><span style=\"font-family: 'times new roman', times, serif; font-size: 14pt;\"><em>En acabar les curses, cerim\u00f2nia d&#8217;entrega de Premis.<\/em><\/span><\/p>\n<ul>\n<li><span style=\"font-family: 'times new roman', times, serif; font-size: 14pt;\">A les 12: Ballada de Sardanes (amb discs) a la pla\u00e7a Ramon Alb\u00f3, amb la selecci\u00f3 oferta pel Sr. Avel\u00b7l\u00ed Tena.<\/span><\/li>\n<li><span style=\"font-family: 'times new roman', times, serif; font-size: 14pt;\">A les 13: Vermut, amenitzat per l&#8217;Orquestra (Sala Recreo)<\/span><\/li>\n<li><span style=\"font-family: 'times new roman', times, serif; font-size: 14pt;\">A les 15:30: Fabul\u00f3s partit de Futbol.<\/span><\/li>\n<\/ul>\n<p><span style=\"font-family: 'times new roman', times, serif; font-size: 14pt;\">En finalitzar el partit es far\u00e0 entrega de la copa al Vencedor.<\/span><\/p>\n<ul>\n<li><span style=\"font-family: 'times new roman', times, serif; font-size: 14pt;\">A les 18: Sessi\u00f3 doble de cinema. (A la Sala del doctor Tolosa Latour)<\/span><\/li>\n<li><span style=\"font-family: 'times new roman', times, serif; font-size: 14pt;\">A les 20: Al front\u00f3 : Primera sessi\u00f3 de Ball, amenitzada per l&#8217;Orquestra.<\/span><\/li>\n<li><span style=\"font-family: 'times new roman', times, serif; font-size: 14pt;\">A les 23: Al Front\u00f3 : Segona sessi\u00f3 de Ball, fins a la matinada, amenitzada per l&#8217;Orquestra.<\/span><\/li>\n<\/ul>\n<p><span style=\"font-family: 'times new roman', times, serif; font-size: 14pt;\"><strong><em>2n dia<\/em><\/strong><\/span><\/p>\n<p><span style=\"font-family: 'times new roman', times, serif; font-size: 14pt;\"><strong><em>\u00a0<\/em><\/strong><\/span><span style=\"font-family: 'times new roman', times, serif; font-size: 14pt;\">&#8211; Proves esportives al llarg del mat\u00ed.<\/span><\/p>\n<p><span style=\"font-family: 'times new roman', times, serif; font-size: 14pt;\">&#8211; Partit de futbol entre els casats i els solters de l&#8217;Obra.<\/span><\/p>\n<p><span style=\"font-family: 'times new roman', times, serif; font-size: 14pt;\">&#8211; Sessi\u00f3 doble de cinema.<\/span><\/p>\n<p><span style=\"font-family: 'times new roman', times, serif; font-size: 14pt;\">&#8211; Sessi\u00f3 doble de Ball.<\/span><\/p>\n<h1><span style=\"font-family: 'times new roman', times, serif; font-size: 14pt;\">\u00da d\u2019octubre, dia del Caudillo,<\/span><\/h1>\n<p><span style=\"font-family: 'times new roman', times, serif; font-size: 14pt;\">Finalitzada la contesa civil, en mem\u00f2ria d&#8217;aquesta efem\u00e8rides va ser decretada la festa nacional amb car\u00e0cter general amb el nom de Dia del Caudillo. Passats els anys, va deixar de ser-ho en l&#8217;\u00e0mbit laboral, per\u00f2 es va mantenir com a festa oficial als organismes oficials i militars.\u00a0<\/span><\/p>\n<p><strong><span style=\"font-family: 'times new roman', times, serif; font-size: 14pt;\">Dotze d\u2019octubre, Mare de D\u00e9u del Pilar<\/span><\/strong><\/p>\n<p><span style=\"font-family: 'times new roman', times, serif; font-size: 14pt;\">Aquest dia, tamb\u00e9 festiu, era un dia normal, com un diumenge, ja explicat. A casa meva, era un dia molt especial. Era el sant de la meva Mare.<\/span><\/p>\n<h1><span style=\"font-family: 'times new roman', times, serif; font-size: 14pt;\">\u00da de novembre. Tots els Sants<\/span><\/h1>\n<p><span style=\"font-family: 'times new roman', times, serif; font-size: 14pt;\">Aquest dia, com en la majoria, per no dir tots els pobles, es retia homenatge als difunts, to i que el dia de difunts \u00e9s el dia dos de novembre. Aprofitant que era festiu, ho celebr\u00e0vem com un diumenge normal, amb l\u2019excepci\u00f3 que, tot i no tenir cap familiar enterrat, an\u00e0vem al cementiri de Gimenells, que era el mateix que el de Santa Maria de Gimenells, i f\u00e8iem el tomb de rigor de cada any.<\/span><\/p>\n<h1><span style=\"font-family: 'times new roman', times, serif; font-size: 14pt;\">Vuit de desembre, dia de la Immaculada Concepci\u00f3<\/span><\/h1>\n<p><span style=\"font-family: 'times new roman', times, serif; font-size: 14pt;\">Un altre dia festiu que transcorria com qualsevol diumenge<\/span><\/p>\n<h1><span style=\"font-family: 'times new roman', times, serif; font-size: 14pt;\">Vint-i-quatre de desembre<\/span><\/h1>\n<p><span style=\"font-family: 'times new roman', times, serif; font-size: 14pt;\">Aquest era un altre dels dies esperats de l\u2019any. El dia no era festiu, per\u00f2. La il\u00b7lusi\u00f3 regnava en els nostres i les nostres \u00e0nimes.<\/span><\/p>\n<p><span style=\"font-family: 'times new roman', times, serif; font-size: 14pt;\">Avui, finalment, despr\u00e9s de molts dies, gaire b\u00e9 un mes, de preparatius i construccions, totes les cases de Santa Maria de Gimenells, mostraven el pessebre que hav\u00edem fet. Un cop acabada la jornada laboral, a excepci\u00f3 que caigu\u00e9s en dia festiu, prepar\u00e0vem la vita dels pessebres. Comen\u00e7ant per casa del Sr. Ramon Sert, continuava la visita a l\u2019esgl\u00e9sia, despr\u00e9s a la casa de Fam\u00edlia Maria ferrer, continuant per la Casa de Fam\u00edlia Ramon Alb\u00f3, la casa del Sr. Avel\u00b7l\u00ed Tena i finalitzant el recorregut a la casa de Fam\u00edlia de Sant Josep Oriol.<\/span><\/p>\n<p><span style=\"font-family: 'times new roman', times, serif; font-size: 14pt;\">Un cop finalitzades les visites, tothom a sopar.<\/span><\/p>\n<p><span style=\"font-family: 'times new roman', times, serif; font-size: 14pt;\">En acabar el sopar, a esperar les dotze de la nit per tal d\u2019anar a la Missa del Gall.<\/span><\/p>\n<p><span style=\"font-family: 'times new roman', times, serif; font-size: 14pt;\">I de la Missa del Gall, a dormir.<\/span><\/p>\n<h1><span style=\"font-family: 'times new roman', times, serif; font-size: 14pt;\">Vint-i-cinc de desembre, Nadal i Vint-i-sis de desembre, Sant Esteve<\/span><\/h1>\n<p><span style=\"font-family: 'times new roman', times, serif; font-size: 14pt;\">Eren dos dies molt assenyalats, per\u00f2, el transcurs dels mateixos era el d\u2019un dia festiu normal.<\/span><\/p>\n<p><span style=\"font-family: 'times new roman', times, serif; font-size: 14pt;\">Aix\u00f2 si, els dinars eren d\u2019all\u00f2 m\u00e9s especial.<\/span><\/p>\n<p><span style=\"font-family: 'times new roman', times, serif; font-size: 14pt;\">Dies el m\u00e9s familiars possible tot i l\u2019excepcionalitat que comportava el fet de ser alumne de la Instituci\u00f3 de l\u2019Obra Tutelar Agr\u00e0ria.<\/span><\/p>\n<h1><span style=\"font-family: 'times new roman', times, serif; font-size: 14pt;\">Trenta-\u00fa de desembre<\/span><\/h1>\n<p><span style=\"font-family: 'times new roman', times, serif; font-size: 14pt;\">Aquest dia, si era festiu, era un festiu normal i si era un dia laborable, s\u2019acabava la jornada al mig dia.<\/span><\/p>\n<p><span style=\"font-family: 'times new roman', times, serif; font-size: 14pt;\">Era una jornada molt alegre, tot esperant el sopar de Cap d\u2019any. A3uest era l\u2019esdeveniment que omplia la finalitzaci\u00f3 de l\u2019any i el comen\u00e7ament del vinent.<\/span><\/p>\n","protected":false},"excerpt":{"rendered":"<p>&#46;&#46;&#46;<\/p>\n","protected":false},"author":1,"featured_media":0,"parent":0,"menu_order":0,"comment_status":"closed","ping_status":"closed","template":"","meta":{"footnotes":""},"class_list":["post-2330","page","type-page","status-publish","hentry"],"_links":{"self":[{"href":"https:\/\/santamariadegimenells.info\/index.php\/wp-json\/wp\/v2\/pages\/2330","targetHints":{"allow":["GET"]}}],"collection":[{"href":"https:\/\/santamariadegimenells.info\/index.php\/wp-json\/wp\/v2\/pages"}],"about":[{"href":"https:\/\/santamariadegimenells.info\/index.php\/wp-json\/wp\/v2\/types\/page"}],"author":[{"embeddable":true,"href":"https:\/\/santamariadegimenells.info\/index.php\/wp-json\/wp\/v2\/users\/1"}],"replies":[{"embeddable":true,"href":"https:\/\/santamariadegimenells.info\/index.php\/wp-json\/wp\/v2\/comments?post=2330"}],"version-history":[{"count":1,"href":"https:\/\/santamariadegimenells.info\/index.php\/wp-json\/wp\/v2\/pages\/2330\/revisions"}],"predecessor-version":[{"id":2331,"href":"https:\/\/santamariadegimenells.info\/index.php\/wp-json\/wp\/v2\/pages\/2330\/revisions\/2331"}],"wp:attachment":[{"href":"https:\/\/santamariadegimenells.info\/index.php\/wp-json\/wp\/v2\/media?parent=2330"}],"curies":[{"name":"wp","href":"https:\/\/api.w.org\/{rel}","templated":true}]}}