{"id":2087,"date":"2026-01-10T19:35:51","date_gmt":"2026-01-10T19:35:51","guid":{"rendered":"https:\/\/santamariadegimenells.info\/?page_id=2087"},"modified":"2026-01-10T20:15:44","modified_gmt":"2026-01-10T20:15:44","slug":"bibliografia-i-documentacio","status":"publish","type":"page","link":"https:\/\/santamariadegimenells.info\/index.php\/bibliografia-i-documentacio\/","title":{"rendered":"BIBLIOGRAF\u00cdA I DOCUMENTACI\u00d3"},"content":{"rendered":"<p><span style=\"font-family: 'times new roman', times, serif; font-size: 14pt;\"><strong>Fonts d&#8217;informaci\u00f3:<\/strong><\/span><\/p>\n<ul>\n<li><span style=\"font-family: 'times new roman', times, serif; font-size: 14pt;\"><strong>Documentaci\u00f3 hist\u00f2rica<\/strong><\/span><\/li>\n<\/ul>\n<p><span style=\"font-family: 'times new roman', times, serif; font-size: 14pt;\"><a href=\"https:\/\/patrimonicultural.diba.cat\/element\/fons-documental-de-larxiu-de-la-familia-desvalls\">Fons documental de l&#8217;Arxiu de la Fam\u00edlia Desvalls<\/a> Ol\u00e8rdola<\/span><\/p>\n<ul>\n<li><span style=\"font-family: 'times new roman', times, serif; font-size: 14pt;\">Ubicaci\u00f3 Comarca: Alt Pened\u00e8s Lloc\/Adre\u00e7a: C. de Jaume I, 33-51. 08195 Sant Cugat del Vall\u00e8s<\/span><\/li>\n<li><span style=\"font-family: 'times new roman', times, serif; font-size: 14pt;\">Classificaci\u00f3 ; N\u00famero de fitxa 08145 &#8211; 241<\/span><\/li>\n<li><span style=\"font-family: 'times new roman', times, serif; font-size: 14pt;\">\u00c0mbit: Patrimoni documental<\/span><\/li>\n<li><span style=\"font-family: 'times new roman', times, serif; font-size: 14pt;\">Tipologia : Fons documental<\/span><\/li>\n<li><span style=\"font-family: 'times new roman', times, serif; font-size: 14pt;\">Estil \/ \u00e8poca: Medieval Modern Contemporani Segle X-XX<\/span><\/li>\n<li><span style=\"font-family: 'times new roman', times, serif; font-size: 14pt;\">Estat de conservaci\u00f3 : Bo<\/span><\/li>\n<li><span style=\"font-family: 'times new roman', times, serif; font-size: 14pt;\">Protecci\u00f3 F\u00edsica : Acc\u00e9s Obert<\/span><\/li>\n<li><span style=\"font-family: 'times new roman', times, serif; font-size: 14pt;\">\u00das actual: Cultural<\/span><\/li>\n<li><span style=\"font-family: 'times new roman', times, serif; font-size: 14pt;\">Titularitat P\u00fablica Titular: Arxiu Nacional de Catalunya. C. de Jaume I, 33-51. 08195 Sant Cugat del Vall\u00e8s<\/span><\/li>\n<li><span style=\"font-family: 'times new roman', times, serif; font-size: 14pt;\">Autoria de la fitxa : Marta Lloret Blackburn-Antequem, S.L.<\/span><\/li>\n<li><span style=\"font-family: 'times new roman', times, serif; font-size: 14pt;\">Data de registre de la fitxa: dv., 27\/11\/2020 &#8211; 10:40<\/span><\/li>\n<li><span style=\"font-family: 'times new roman', times, serif; font-size: 14pt;\">Descripci\u00f3 P\u00e0gina 1 : L\u2019Arxiu de la Fam\u00edlia Desvalls aplega els fons familiars i patrimonials de disset grans llinatges.<\/span><\/li>\n<\/ul>\n<p><span style=\"font-family: 'times new roman', times, serif; font-size: 14pt;\">El fons documental abasta des de l\u2019any 981 fins al 1983. El fons documental abasta 4.529 pergamins, 289 capses d\u2019arxiu amb manuscrits i documentaci\u00f3 en paper, 554 imatges (172 plaques de vidre, 377 positius b\/n i 5 positius color) i 203 pl\u00e0nols i dibuixos en tela, pergam\u00ed, paper i paper vegetal.<\/span><\/p>\n<p><span style=\"font-family: 'times new roman', times, serif; font-size: 14pt;\">Tota la informaci\u00f3 s&#8217;ha tret de la web de l&#8217;<a href=\"https:\/\/anc.gencat.cat\/ca\/coneix\/Fons-i-colleccions\/\"><strong>Arxiu Nacional de Catalunya<\/strong><\/a>.<\/span><\/p>\n<p><span style=\"font-family: 'times new roman', times, serif; font-size: 14pt;\">Bibliografia <a href=\"http:\/\/anc.gencat.cat\">http:\/\/anc.gencat.cat<\/a><\/span><\/p>\n<p><strong><span style=\"font-family: 'times new roman', times, serif; font-size: 14pt;\">BIBLIOGRAFIA<\/span><\/strong><\/p>\n<p><span style=\"font-family: 'times new roman', times, serif; font-size: 14pt;\"><a href=\"https:\/\/www.raco.cat\/Shikar\/ARTICLE\/DOWNLOAD\">n\u00fam. 3 2016 shikar. Revista del Centre d\u2019Estudis Comarcals del Segri\u00e0,<span style=\"text-decoration: underline;\">\u00a0 \u00a0 <\/span><\/a><\/span><span style=\"font-family: 'times new roman', times, serif; font-size: 14pt;\">Oriol Valga\u00f1\u00f3n Barber\u00e0 Llicenciat en Hist\u00f2ria<\/span><\/p>\n<p><span style=\"font-family: 'times new roman', times, serif; font-size: 14pt;\">INF\u00c0NCIA TUTELADA I FRANQUISME <a href=\"https:\/\/www.infanciatuteladaenelfranquisme.cat\/es\/centres\/colonia-agricola-de-santa-maria-gimenells-es\/\">https:\/\/www.infanciatuteladaenelfranquisme.cat\/es\/centres\/colonia-agricola-de-santa-maria-gimenells-es\/<\/a><\/span><\/p>\n<h1><span style=\"font-family: 'times new roman', times, serif; font-size: 14pt;\"><strong>Postguerra i inf\u00e0ncia tutelada &#8211;\u00a0<\/strong><\/span><span style=\"font-family: 'times new roman', times, serif; font-size: 14pt;\">\u00a0<a href=\"https:\/\/calaix.gencat.cat\/noticies\/?q=es\/node\/434\">https:\/\/calaix.gencat.cat\/noticies\/?q=es\/node\/434<\/a><\/span><\/h1>\n<p><span style=\"font-family: 'times new roman', times, serif; font-size: 14pt;\"><strong>Bisbat de Lleida &#8211;\u00a0<\/strong><\/span><span style=\"font-family: 'times new roman', times, serif; font-size: 14pt;\"><a href=\"https:\/\/www.bisbatlleida.org\/ca\/noticia\/16-05-2014\/l%E2%80%99obra-tutelar-agr%C3%A0ria-reforma-l%E2%80%99esgl%C3%A9sia-i-celebra-l%E2%80%991-de-maig\">https:\/\/www.bisbatlleida.org\/ca\/noticia\/16-05-2014\/l%E2%80%99obra-tutelar-agr%C3%A0ria-reforma-l%E2%80%99esgl%C3%A9sia-i-celebra-l%E2%80%991-de-maig<\/a><\/span><\/p>\n<p><span style=\"font-family: 'times new roman', times, serif; font-size: 14pt;\"><a href=\"https:\/\/www.obratutelaragraria.org\/index.php\/es\/actualidad\/minuto-de-silencio-en-solidaridad-con-marruecos-y-libia\">https:\/\/www.obratutelaragraria.org\/index.php\/es\/actualidad\/minuto-de-silencio-en-solidaridad-con-marruecos-y-libia<\/a><\/span><\/p>\n<p><span style=\"font-family: 'times new roman', times, serif; font-size: 14pt;\"><a href=\"https:\/\/www.bisbatlleida.org\/ca\/noticia\/06-03-2018\/el-bisbe-beneeix-un-pis-per-a-joves-tutelats-a-gimenells\">https:\/\/www.bisbatlleida.org\/ca\/noticia\/06-03-2018\/el-bisbe-beneeix-un-pis-per-a-joves-tutelats-a-gimenells<\/a><\/span><\/p>\n<p><span style=\"font-family: 'times new roman', times, serif; font-size: 14pt;\"><a href=\"https:\/\/www.romanicodigital.com\/el-romanico\/vista-general-torre-castillo-guimenells\">https:\/\/www.romanicodigital.com\/el-romanico\/vista-general-torre-castillo-guimenells<\/a><\/span><\/p>\n<p><span style=\"font-family: 'times new roman', times, serif; font-size: 14pt;\"><a href=\"https:\/\/elromanic.wordpress.com\/2020\/06\/29\/castell-de-gimenells-gimenells-i-el-pla-de-la-font\/\">https:\/\/elromanic.wordpress.com\/2020\/06\/29\/castell-de-gimenells-gimenells-i-el-pla-de-la-font\/<\/a><\/span><\/p>\n<p><span style=\"font-family: 'times new roman', times, serif; font-size: 14pt;\"><a href=\"https:\/\/www.enciclopedia.cat\/catalunya-romanica\/castell-de-gimenells-gimenells-i-el-pla-de-la-font\">https:\/\/www.enciclopedia.cat\/catalunya-romanica\/castell-de-gimenells-gimenells-i-el-pla-de-la-font<\/a><\/span><\/p>\n<p><span style=\"font-family: 'times new roman', times, serif; font-size: 14pt;\"><a href=\"https:\/\/congresopionerosarquitectos.com\/api\/assets\/es\/VIII_PDF_comunicaciones_aceptadas\/VIII_Congreso_Pioneros_Arquitectura_moderna_-_09.pdf\">https:\/\/congresopionerosarquitectos.com\/api\/assets\/es\/VIII_PDF_comunicaciones_aceptadas\/VIII_Congreso_Pioneros_Arquitectura_moderna_-_09.pdf<\/a><\/span><\/p>\n<p><span style=\"font-family: 'times new roman', times, serif; font-size: 14pt;\"><a href=\"https:\/\/calaix.gencat.cat\/noticies\/?q=es\/node\/434\">https:\/\/calaix.gencat.cat\/noticies\/?q=es\/node\/434<\/a><\/span><\/p>\n<p>&nbsp;<\/p>\n<p><strong><u>B<span style=\"font-family: 'times new roman', times, serif; font-size: 14pt;\">IBLIOGRAFIA escrita pel Sr. Ramon Alb\u00f3 i Mart\u00ed<\/span><\/u><\/strong><\/p>\n<table style=\"height: 2040px;\" width=\"996\">\n<tbody>\n<tr>\n<td width=\"364\"><span style=\"font-family: 'times new roman', times, serif; font-size: 14pt;\"><strong>T\u00edtol<\/strong><\/span><\/td>\n<td width=\"160\"><span style=\"font-family: 'times new roman', times, serif; font-size: 14pt;\"><strong>Llibreria<\/strong><\/span><\/td>\n<td width=\"52\"><span style=\"font-family: 'times new roman', times, serif; font-size: 14pt;\"><strong>Any<\/strong><\/span><\/td>\n<\/tr>\n<tr>\n<td width=\"364\"><span style=\"font-family: 'times new roman', times, serif; font-size: 14pt;\"><strong>LA CARIDAD. SU ACCI\u00d3N Y ORGANIZACI\u00d3N EN BARCELONA.<\/strong><\/span><\/p>\n<p><span style=\"font-family: 'times new roman', times, serif; font-size: 14pt;\"><strong>\u00a0<\/strong><\/span><\/td>\n<td width=\"160\"><span style=\"font-family: 'times new roman', times, serif; font-size: 14pt;\">Imprenta de Subirats Hermanos<\/span><\/td>\n<td width=\"52\"><span style=\"font-family: 'times new roman', times, serif; font-size: 14pt;\">1901<\/span><\/td>\n<\/tr>\n<tr>\n<td width=\"364\"><span style=\"font-family: 'times new roman', times, serif; font-size: 14pt;\"><strong>LA PRISI\u00d3N CELULAR DE BARCELONA. DISCURSO LE\u00cdDO EN EL ACTO DE INAUGURACI\u00d3N OFICIAL DE AQUELLA CELEBRADO EL 9 DE JUNIO DE 1904.<\/strong><\/span><\/p>\n<p><span style=\"font-family: 'times new roman', times, serif; font-size: 14pt;\"><strong>\u00a0<\/strong><\/span><\/td>\n<td width=\"160\"><span style=\"font-family: 'times new roman', times, serif; font-size: 14pt;\">&#8211;<\/span><\/td>\n<td width=\"52\"><span style=\"font-family: 'times new roman', times, serif; font-size: 14pt;\">1904<\/span><\/td>\n<\/tr>\n<tr>\n<td width=\"364\"><span style=\"font-family: 'times new roman', times, serif; font-size: 14pt;\"><strong>ALBERGUES NOCTURNOS. MEMORIA LE\u00cdDA AL INAUGURARSE EL DE LA CALLE DE ROCAFORT, EL D\u00cdA 4 DE JULIO DE 1905, POR EL ILTRE. SR. CONCEJAL D&#8230;<\/strong><\/span><\/p>\n<p><span style=\"font-family: 'times new roman', times, serif; font-size: 14pt;\"><strong>\u00a0<\/strong><\/span><\/td>\n<td width=\"160\"><span style=\"font-family: 'times new roman', times, serif; font-size: 14pt;\">Imprenta de Mariano Galve<\/span><\/td>\n<td width=\"52\"><span style=\"font-family: 'times new roman', times, serif; font-size: 14pt;\">1905<\/span><\/td>\n<\/tr>\n<tr>\n<td width=\"364\"><span style=\"font-family: 'times new roman', times, serif; font-size: 14pt;\"><strong>CORRECCI\u00d3N DE LA INFANCIA DELINCUENTE<\/strong><\/span><\/p>\n<p><span style=\"font-family: 'times new roman', times, serif; font-size: 14pt;\"><strong>\u00a0<\/strong><\/span><\/td>\n<td width=\"160\"><span style=\"font-family: 'times new roman', times, serif; font-size: 14pt;\">Eduardo Arias<\/span><\/td>\n<td width=\"52\"><span style=\"font-family: 'times new roman', times, serif; font-size: 14pt;\">1905<\/span><\/td>\n<\/tr>\n<tr>\n<td width=\"364\"><span style=\"font-family: 'times new roman', times, serif; font-size: 14pt;\"><strong>INFORME PRESENTADO AL DICT\u00c1MEN QUE PARA EL ESTABLECIMIENTO EN ESTA CIUDAD DE LA CREMACI\u00d3N DE CAD\u00c1VERES ELEVA A LA APROBACI\u00d3N del Excmo. Ayuntamiento la Junta Municipal de Cementerios.<\/strong><\/span><\/p>\n<p><span style=\"font-family: 'times new roman', times, serif; font-size: 14pt;\"><strong>\u00a0<\/strong><\/span><\/td>\n<td width=\"160\"><span style=\"font-family: 'times new roman', times, serif; font-size: 14pt;\">La Hormiga de Oro<\/span><\/td>\n<td width=\"52\"><span style=\"font-family: 'times new roman', times, serif; font-size: 14pt;\">1906<\/span><\/td>\n<\/tr>\n<tr>\n<td width=\"364\"><span style=\"font-family: 'times new roman', times, serif; font-size: 14pt;\"><strong>BARCELONA CARITATIVA, BEN\u00c9FICA Y SOCIAL<\/strong><\/span><\/p>\n<p>&nbsp;<\/td>\n<td width=\"160\"><span style=\"font-family: 'times new roman', times, serif; font-size: 14pt;\">La Hormiga de Oro<\/span><\/td>\n<td width=\"52\"><span style=\"font-family: 'times new roman', times, serif; font-size: 14pt;\">1914<\/span><\/td>\n<\/tr>\n<tr>\n<td width=\"364\"><span style=\"font-family: 'times new roman', times, serif; font-size: 14pt;\"><strong>LOS TRIBUNALES PARA NI\u00d1OS. EL TRIBUNAL PARA NI\u00d1OS DE BARCELONA Y SU ACTUACI\u00d3N EN EL PRIMER SEMESTRE DE FUNCIONAMIENTO<\/strong><\/span><\/p>\n<p>&nbsp;<\/td>\n<td width=\"160\"><span style=\"font-family: 'times new roman', times, serif; font-size: 14pt;\">&#8211;<\/span><\/td>\n<td width=\"52\"><span style=\"font-family: 'times new roman', times, serif; font-size: 14pt;\">1922<\/span><\/td>\n<\/tr>\n<tr>\n<td width=\"364\"><span style=\"font-family: 'times new roman', times, serif; font-size: 14pt;\"><strong>SEIS A\u00d1OS DE VIDA DEL TRIBUNAL TUTELAR PARA NI\u00d1OS<\/strong><\/span><\/p>\n<p>&nbsp;<\/td>\n<td width=\"160\"><span style=\"font-family: 'times new roman', times, serif; font-size: 14pt;\">Sucesores de Henrich y C\u00aa<\/span><\/td>\n<td width=\"52\"><span style=\"font-family: 'times new roman', times, serif; font-size: 14pt;\">1927<\/span><\/td>\n<\/tr>\n<tr>\n<td width=\"364\"><span style=\"font-family: 'times new roman', times, serif; font-size: 14pt;\"><strong>EL TRIBUNAL TUTELAR DE MENORES DE BARCELONA EN LOS A\u00d1OS 1939 Y 1940<\/strong><\/span><\/p>\n<p>&nbsp;<\/td>\n<td width=\"160\"><span style=\"font-family: 'times new roman', times, serif; font-size: 14pt;\">Impr. Horta y C\u00aa<\/span><\/td>\n<td width=\"52\"><span style=\"font-family: 'times new roman', times, serif; font-size: 14pt;\">1941<\/span><\/td>\n<\/tr>\n<tr>\n<td width=\"364\"><span style=\"font-family: 'times new roman', times, serif; font-size: 14pt;\"><strong>CUATRO COLONIAS AGR\u00cdCOLAS PARA MENORES MORALMENTE ABANDONADOS<\/strong><\/span><\/p>\n<p>&nbsp;<\/td>\n<td width=\"160\"><span style=\"font-family: 'times new roman', times, serif; font-size: 14pt;\">J.Horta<\/span><\/td>\n<td width=\"52\"><span style=\"font-family: 'times new roman', times, serif; font-size: 14pt;\">1942<\/span><\/td>\n<\/tr>\n<tr>\n<td width=\"364\"><span style=\"font-family: 'times new roman', times, serif; font-size: 14pt;\"><strong>ESTAD\u00cdSTICA DE LOS FACTORES INFLUYENTES EN EL EXTRAV\u00cdO DE LOS MENORES INGRESADOS EN 1944 EN LA ACCI\u00d3N TUTELAR REFORMADORA PERMANENTE DEL TRIBUNAL TUTELAR DE MENORES.<\/strong><\/span><\/p>\n<p>&nbsp;<\/td>\n<td width=\"160\"><span style=\"font-family: 'times new roman', times, serif; font-size: 14pt;\">S.A.Horta<\/span><\/td>\n<td width=\"52\"><span style=\"font-family: 'times new roman', times, serif; font-size: 14pt;\">1945<\/span><\/td>\n<\/tr>\n<tr>\n<td width=\"364\"><span style=\"font-family: 'times new roman', times, serif; font-size: 14pt;\"><strong>SIGUIENDO MI CAMINO&#8230; EN EL QUINCUAG\u00c9SIMO ANIVERSARIO DE LA OBRA DE PROTECCI\u00d3N DE MENORES 1904-1954.<\/strong><\/span><\/p>\n<p>&nbsp;<\/td>\n<td width=\"160\"><span style=\"font-family: 'times new roman', times, serif; font-size: 14pt;\">La Hormiga de Oro<\/span><\/td>\n<td width=\"52\"><span style=\"font-family: 'times new roman', times, serif; font-size: 14pt;\">1955<\/span><\/td>\n<\/tr>\n<tr>\n<td width=\"364\"><\/td>\n<td width=\"160\"><span style=\"font-family: 'times new roman', times, serif; font-size: 14pt;\">&#8211;<\/span><\/td>\n<td width=\"52\"><\/td>\n<\/tr>\n<\/tbody>\n<\/table>\n<p><span style=\"font-family: 'times new roman', times, serif; font-size: 14pt;\"><strong>Documents<\/strong><strong> d\u2019arxiu<\/strong><\/span><\/p>\n<table style=\"height: 554px;\" width=\"991\">\n<tbody>\n<tr>\n<td width=\"133\">Autor \/ Entitat<\/td>\n<td width=\"53\">Any<\/td>\n<td width=\"320\">Refer\u00e8ncia completa (t\u00edtol, lloc, editor o arxiu)<\/td>\n<td width=\"133\">Notes \/ Comentaris<\/td>\n<\/tr>\n<tr>\n<td width=\"133\">Alb\u00f3 Mart\u00ed, Ram\u00f3n<\/td>\n<td width=\"53\">1942<\/td>\n<td width=\"320\">Cuatro Col\u00f3nias Agr\u00edcolas para menores moralmente abandonados \u2013 Barcelona \u2013 J. HORIA y Cia. S.L.<\/td>\n<td width=\"133\">&nbsp;<\/td>\n<\/tr>\n<tr>\n<td width=\"133\">Alb\u00f3 Mart\u00ed, Ram\u00f3n<\/td>\n<td width=\"53\">1955<\/td>\n<td width=\"320\">Siguiendo mi camino \u2013 Barcelona \u2013 La Hormiga de Oro<\/td>\n<td width=\"133\">&nbsp;<\/td>\n<\/tr>\n<tr>\n<td width=\"133\">Graus i Forc\u00e9n, Juli\u00e0<\/td>\n<td width=\"53\">1989<\/td>\n<td width=\"320\">Cr\u00f2nica de la Lleida Franquista 1938 \u2013 1975 \u2013 Lleida \u2013 Virgili &amp; Pag\u00e8s, S.A.<\/td>\n<td width=\"133\">&nbsp;<\/td>\n<\/tr>\n<tr>\n<td width=\"133\">Casa\u00f1as i Cladellas, Anicet<\/td>\n<td width=\"53\">2006<\/td>\n<td width=\"320\">Donem la cara i cinc col.loquis \u2013 Lleida \u2013 Pag\u00e8s Editors.<\/td>\n<td width=\"133\">&nbsp;<\/td>\n<\/tr>\n<tr>\n<td width=\"133\">V\u00edctor Breton<\/td>\n<td width=\"53\">&nbsp;<\/td>\n<td width=\"320\">Terra i franquisme a Lleida\u00a0 &#8211;\u00a0 Lleida\u00a0 &#8211;\u00a0 Pag\u00e8s Editors<\/td>\n<td width=\"133\">&nbsp;<\/td>\n<\/tr>\n<\/tbody>\n<\/table>\n<p><strong style=\"font-family: 'times new roman', times, serif; font-size: 14pt;\">\u00a0<\/strong><\/p>\n<table style=\"height: 541px;\" width=\"977\">\n<tbody>\n<tr>\n<td width=\"173\"><span style=\"font-family: 'times new roman', times, serif; font-size: 14pt;\">Arxiu Hist\u00f2ric Provincial de Lleida<\/span><\/td>\n<td width=\"136\"><span style=\"font-family: 'times new roman', times, serif; font-size: 14pt;\">ahpleida.cultura@gencat.cat<\/span><\/td>\n<td width=\"306\"><span style=\"font-family: 'times new roman', times, serif; font-size: 14pt;\">Expedients de l\u2019Obra Tutelar Agr\u00e0ria i INC a Gimenells<\/span><\/td>\n<\/tr>\n<tr>\n<td width=\"173\"><span style=\"font-family: 'times new roman', times, serif; font-size: 14pt;\">Arxiu Dioces\u00e0 de Lleida<\/span><\/td>\n<td width=\"136\"><span style=\"font-family: 'times new roman', times, serif; font-size: 14pt;\">arxiu@bisbatlleida.org<\/span><\/td>\n<td width=\"306\"><span style=\"font-family: 'times new roman', times, serif; font-size: 14pt;\">Fundaci\u00f3 i consagraci\u00f3 de la parr\u00f2quia de Santa Maria de Gimenells<\/span><\/td>\n<\/tr>\n<tr>\n<td width=\"173\"><span style=\"font-family: 'times new roman', times, serif; font-size: 14pt;\">Fundaci\u00f3 Privada Obra Tutelar Agr\u00e0ria<\/span><\/td>\n<td width=\"136\"><span style=\"font-family: 'times new roman', times, serif; font-size: 14pt;\">info@obratutelaragraria.org<\/span><\/td>\n<td width=\"306\"><span style=\"font-family: 'times new roman', times, serif; font-size: 14pt;\">Mem\u00f2ries i documents hist\u00f2rics de Gimenells (1928\u20131955)<\/span><\/td>\n<\/tr>\n<\/tbody>\n<\/table>\n<p><span style=\"font-family: 'times new roman', times, serif; font-size: 14pt;\"><strong>Fuentes consultadas<\/strong><\/span><\/p>\n<ul>\n<li><span style=\"font-family: 'times new roman', times, serif; font-size: 14pt;\">Ministerio de Agricultura (MAPA), <em>Escuelas programadas en colonias agr\u00edcolas<\/em>, 1946.<\/span><\/li>\n<\/ul>\n<ul>\n<li><span style=\"font-family: 'times new roman', times, serif; font-size: 14pt;\">Documentaci\u00f3n del MAPA, <em>Centros de colonizaci\u00f3n y escuelas agrarias de posguerra<\/em> (1946\u20131970).<\/span><\/li>\n<\/ul>\n<ul>\n<li><span style=\"font-family: 'times new roman', times, serif; font-size: 14pt;\">Proyecto <em>Inf\u00e0ncia tutelada en el franquisme<\/em> (Generalitat de Catalunya).<\/span><\/li>\n<li><span style=\"font-family: 'times new roman', times, serif; font-size: 14pt;\">Testimonios orales recogidos por el proyecto <em>Inf\u00e0ncia tutelada en el franquisme<\/em> (Generalitat de Catalunya).<\/span><\/li>\n<li><span style=\"font-family: 'times new roman', times, serif; font-size: 14pt;\">Archivo hist\u00f3rico del BOE, Orden de 15 de abril de 1953 (creaci\u00f3n provisional de la escuela de ni\u00f1as).<\/span><\/li>\n<li><span style=\"font-family: 'times new roman', times, serif; font-size: 14pt;\">Documentos de la Diputaci\u00f3n de Lleida, fondo hist\u00f3rico OTA.<\/span><\/li>\n<li><span style=\"font-family: 'times new roman', times, serif; font-size: 14pt;\">Ministerio de Educaci\u00f3n y Ciencia, <em>Reforma de la ense\u00f1anza primaria rural<\/em> (1965\u20131975).<\/span><\/li>\n<\/ul>\n<ul>\n<li><span style=\"font-family: 'times new roman', times, serif; font-size: 14pt;\">Archivo Hist\u00f3rico Provincial de Lleida, fondos de la Obra Tutelar Agraria.<\/span><\/li>\n<li><span style=\"font-family: 'times new roman', times, serif; font-size: 14pt;\"><a href=\"https:\/\/www.perplexity.ai\/search\/coto-de-caza-gimenells-histori-1MPx3XmdRaudQc7mqpXXWA#3\"><strong>https:\/\/www.perplexity.ai\/search\/coto-de-caza-gimenells-histori-1MPx3XmdRaudQc7mqpXXWA#3<\/strong><\/a><\/span><\/li>\n<\/ul>\n<ul>\n<li><span style=\"font-family: 'times new roman', times, serif; font-size: 14pt;\"><strong>Contexto hist\u00f3rico: Espa\u00f1a rural de principios del siglo XX.<\/strong><\/span><\/li>\n<li><span style=\"font-family: 'times new roman', times, serif; font-size: 14pt;\"><strong>La creaci\u00f3n de la Obra Tutelar Agraria.<\/strong><\/span><\/li>\n<li><span style=\"font-family: 'times new roman', times, serif; font-size: 14pt;\"><strong>Compra de la finca de Gimenells el 28 de diciembre de 1929.<\/strong><\/span><\/li>\n<li><span style=\"font-family: 'times new roman', times, serif; font-size: 14pt;\"><strong>Objetivos iniciales: formar, educar y regenerar socialmente a j\u00f3venes en riesgo.<\/strong><\/span><\/li>\n<li><span style=\"font-family: 'times new roman', times, serif; font-size: 14pt;\"><strong>Reorganizaci\u00f3n bajo el r\u00e9gimen franquista.<\/strong><\/span><\/li>\n<li><span style=\"font-family: 'times new roman', times, serif; font-size: 14pt;\"><strong>Creaci\u00f3n de las escuelas nacionales (ni\u00f1os y ni\u00f1as).<\/strong><\/span>\n<ul>\n<li><span style=\"font-family: 'times new roman', times, serif; font-size: 14pt;\"><strong>Orden ministerial de 16 de noviembre de 1946 (planeamiento).<\/strong><\/span><\/li>\n<li><span style=\"font-family: 'times new roman', times, serif; font-size: 14pt;\"><strong>Creaci\u00f3n provisional de la Escuela Nacional Unitaria de Ni\u00f1as (BOE 15 de abril de 1953).<\/strong><\/span><\/li>\n<\/ul>\n<\/li>\n<li><span style=\"font-family: 'times new roman', times, serif; font-size: 14pt;\"><strong>La vida cotidiana en la colonia agr\u00edcola.<\/strong><\/span><\/li>\n<li><span style=\"font-family: 'times new roman', times, serif; font-size: 14pt;\"><strong>Formaci\u00f3n profesional agraria y educaci\u00f3n moral-religiosa.<\/strong><\/span><\/li>\n<\/ul>\n<p><span style=\"font-family: 'times new roman', times, serif; font-size: 14pt;\"><strong>Ap\u00e9ndix<\/strong><\/span><\/p>\n<ul>\n<li><span style=\"font-family: 'times new roman', times, serif; font-size: 14pt;\">Copias de documentos hist\u00f3ricos (BOE, planos, fotograf\u00edas).<\/span><\/li>\n<li><span style=\"font-family: 'times new roman', times, serif; font-size: 14pt;\">Cronolog\u00eda detallada (1929\u2013actualidad).<\/span><\/li>\n<li><span style=\"font-family: 'times new roman', times, serif; font-size: 14pt;\">Fuentes bibliogr\u00e1ficas y hemerogr\u00e1ficas.<\/span><\/li>\n<li><span style=\"font-family: 'times new roman', times, serif; font-size: 14pt;\">Agradecimientos.<\/span><\/li>\n<\/ul>\n","protected":false},"excerpt":{"rendered":"<p>&#46;&#46;&#46;<\/p>\n","protected":false},"author":1,"featured_media":0,"parent":0,"menu_order":0,"comment_status":"closed","ping_status":"closed","template":"","meta":{"footnotes":""},"class_list":["post-2087","page","type-page","status-publish","hentry"],"_links":{"self":[{"href":"https:\/\/santamariadegimenells.info\/index.php\/wp-json\/wp\/v2\/pages\/2087","targetHints":{"allow":["GET"]}}],"collection":[{"href":"https:\/\/santamariadegimenells.info\/index.php\/wp-json\/wp\/v2\/pages"}],"about":[{"href":"https:\/\/santamariadegimenells.info\/index.php\/wp-json\/wp\/v2\/types\/page"}],"author":[{"embeddable":true,"href":"https:\/\/santamariadegimenells.info\/index.php\/wp-json\/wp\/v2\/users\/1"}],"replies":[{"embeddable":true,"href":"https:\/\/santamariadegimenells.info\/index.php\/wp-json\/wp\/v2\/comments?post=2087"}],"version-history":[{"count":4,"href":"https:\/\/santamariadegimenells.info\/index.php\/wp-json\/wp\/v2\/pages\/2087\/revisions"}],"predecessor-version":[{"id":2097,"href":"https:\/\/santamariadegimenells.info\/index.php\/wp-json\/wp\/v2\/pages\/2087\/revisions\/2097"}],"wp:attachment":[{"href":"https:\/\/santamariadegimenells.info\/index.php\/wp-json\/wp\/v2\/media?parent=2087"}],"curies":[{"name":"wp","href":"https:\/\/api.w.org\/{rel}","templated":true}]}}